{"id":13920,"date":"2026-03-04T10:18:49","date_gmt":"2026-03-04T09:18:49","guid":{"rendered":"https:\/\/europainversi.org\/gli-ospiti-partecipanti-2026\/"},"modified":"2026-03-05T09:23:14","modified_gmt":"2026-03-05T08:23:14","slug":"gli-ospiti-partecipanti-2026","status":"publish","type":"page","link":"https:\/\/europainversi.org\/en\/gli-ospiti-partecipanti-2026\/","title":{"rendered":"GLI OSPITI PARTECIPANTI 2026"},"content":{"rendered":"<div class=\"wpb-content-wrapper\">[vc_row][vc_column][vc_custom_heading text=\"INTERNATIONAL POETRY FESTIVAL EUROPA IN VERSI\" font_container=\"tag:h1|text_align:left|color:%231c8a84\" google_fonts=\"font_family:Oswald%3A300%2Cregular%2C700|font_style:400%20regular%3A400%3Anormal\"][vc_custom_heading text=\"GUESTS OF THE 2026 EDITION\" font_container=\"tag:h1|text_align:left|color:%231c8a84\" google_fonts=\"font_family:Oswald%3A300%2Cregular%2C700|font_style:700%20bold%20regular%3A700%3Anormal\" css=\".vc_custom_1772617845599{margin-bottom: 30px !important;padding-left: 0px !important;}\"][vc_custom_heading text=\"FROM FRANCE\" font_container=\"tag:h1|text_align:left|color:%23ffffff\" google_fonts=\"font_family:Oswald%3A300%2Cregular%2C700|font_style:700%20bold%20regular%3A700%3Anormal\" css=\".vc_custom_1772617832473{padding-left: 30px !important;background-color: #1c8a84 !important;}\"][vc_empty_space][vc_row_inner][vc_column_inner width=\"1\/4\"][vc_single_image image=\"13899\" img_size=\"400x400\"][\/vc_column_inner][vc_column_inner width=\"3\/4\"][vc_column_text]\n<p style=\"text-align: justify;\"><strong>Emmanuelle Malhappe<\/strong> is a passionate researcher on the language side. She began by teaching eighteenth-century literature and what makes a text literary, at the University of the Sorbonne Nouvelle in Paris. Later and now, she is practicing psychoanalysis. Emmanuelle Malhappe has always written, whether it be drama or short stories, essays, radio columns or poetry.\u00a0 Her poetry and short stories have been translated into several languages in numerous magazines. Her poetic collection <em>Entre est le pays<\/em>\u00a0s published by \u00c9ditions L'harmattan (2025). Her collection mixing poetry and philosophy (<em>\u00c9clats de femme, silence du f\u00e9minin<\/em>\u00a0) was published by Ubik-Art Moresa (2025). In 2025, she published with the same editions, in collaboration with Antonio Rodriguez Yuste,<em>J\u2019ai pos\u00e9 ma main<\/em>, a collection of poetry.\u00a0 From her past as a researcher in literature, she reported the publication by Flammarion (1999) of an edition of\u00a0 Marivaux<em>'s Jeu de l'amour et du hasard<\/em>, for which she constituted the entire scientific apparatus. She received the Grand Prix de la nouvelle Gaston Baissette for her collection of short stories<em>.<\/em>\u00a0<em>La Solitude des cygnes.<\/em> She participates in many festivals in France and around the world. Flayed gently, curious to learn, convinced that sharing and creation are a necessary resistance, she conducts her artistic and intellectual work as so many attempts to rediscover the essence of what makes us human.<\/p>\n[\/vc_column_text][\/vc_column_inner][\/vc_row_inner][vc_empty_space][\/vc_column][\/vc_row][vc_row][vc_column][vc_custom_heading text=\"FROM HUNGARY\" font_container=\"tag:h1|text_align:left|color:%23ffffff\" google_fonts=\"font_family:Oswald%3A300%2Cregular%2C700|font_style:700%20bold%20regular%3A700%3Anormal\" css=\".vc_custom_1772617879780{padding-left: 30px !important;background-color: #1c8a84 !important;}\"][vc_empty_space][vc_row_inner][vc_column_inner width=\"1\/4\"][vc_single_image image=\"13904\" img_size=\"400x400\"][\/vc_column_inner][vc_column_inner width=\"3\/4\"][vc_column_text]\n<p style=\"text-align: justify;\"><strong>P\u00e1l D\u00e1niel Levente<\/strong> has authored eight books in Hungarian, and works of his have been translated into more than 20 languages. He cofounded and served as deputy editor-in-chief of the art magazine and publishing house PRAE. He was also the editor-in-chief of ELTE University Press, and served as a managing director of the Hungarian Pet\u0151fi Cultural Agency &amp; Literary Fund, where he was executive director of the English-language Continental Literary Magazine. He spent a decade as a performer and director at various independent theater and performing arts groups. He is currently the dramaturg &amp; show writer &amp; librettist at the Capital Circus of Budapest \u2013 where he has contributed to more than 60 productions, including work for the Budapest International Circus Festival \u2013, and dramaturg for theatrical concerts of the G\u00f6d\u00f6ll\u0151 Symphony Orchestra. He is a frequent guest at international literary and poetry festivals, as well as academic conferences. He has received numerous literary, artistic, and professional awards in Hungary, Brazil, France, Romania, Serbia, Azerbaijan, and the United States.<\/p>\n[\/vc_column_text][\/vc_column_inner][\/vc_row_inner][vc_empty_space][\/vc_column][\/vc_row][vc_row][vc_column][vc_custom_heading text=\"FROM MEXICO\" font_container=\"tag:h1|text_align:left|color:%23ffffff\" google_fonts=\"font_family:Oswald%3A300%2Cregular%2C700|font_style:700%20bold%20regular%3A700%3Anormal\" css=\".vc_custom_1772617919316{padding-left: 30px !important;background-color: #1c8a84 !important;}\"][vc_empty_space][vc_row_inner][vc_column_inner width=\"1\/4\"][vc_single_image image=\"13902\" img_size=\"400x400\"][\/vc_column_inner][vc_column_inner width=\"3\/4\"][vc_column_text]\n<p style=\"text-align: justify;\">Laura Hern\u00e1ndez Mu\u00f1oz is a poet, storyteller, essayist, historian, and playwright. Master's degree in History from the Nueva Galicia Higher Normal School. Recipient of a scholarship from the Institute of Hispanic Culture to pursue doctoral studies in Economic Theories of History at the Complutense University of Madrid. Diploma in Literature of the Third Millennium (SOGEM). Diploma in Workshops for Promoting Reading, Creation, and Storytelling in Children's and Young Adult Literature (ANILIJ Spain). Founder of the Mexican Association of Children's and Young Adult Literature (ALIJME A.C., 2009). Member of the Mexican Cultural Seminar. Literary Ambassador of the Observatory of Diplomacy of the Kingdom of Spain. Member of PEN and Vice President of the Board of Trustees of the Jalisco Philharmonic. Honorable Mention in the VII Dama de Baza International Poetry Prize, Granada, Spain 2024. Escridunde Prize, Sial Pigmali\u00f3n Madrid, Spain 2015. Named \u201cIllustrious Daughter\u201d of Tamazula de Gordiano for her international career. 2015. The Peruvian Children's Literature Association named the V International Congress held in Arequipa, Peru in November 2011, \u201cLaura Hern\u00e1ndez Mu\u00f1oz.\u201d Gold Medal in the Mahatma Gandhi Poetry Competition of the WWCP, Chennai, India 2007. Special Mention in the Rosario International Short Story Competition 2000. Miguel Mar\u00f3n Theater Prize, Jalisco Fine Arts 1975. She has participated in more than 60 anthologies and 50 collective works.<\/p>\n[\/vc_column_text][\/vc_column_inner][\/vc_row_inner][vc_empty_space][\/vc_column][\/vc_row][vc_row][vc_column][vc_custom_heading text=\"FROM ITALY\" font_container=\"tag:h1|text_align:left|color:%23ffffff\" google_fonts=\"font_family:Oswald%3A300%2Cregular%2C700|font_style:700%20bold%20regular%3A700%3Anormal\" css=\".vc_custom_1772617954704{padding-left: 30px !important;background-color: #1c8a84 !important;}\"][vc_empty_space][vc_row_inner][vc_column_inner width=\"1\/4\"][vc_single_image image=\"13906\" img_size=\"400x400\"][\/vc_column_inner][vc_column_inner width=\"3\/4\"][vc_column_text]\n<p style=\"text-align: justify;\"><strong>Marco Corsi<\/strong> was born in Tuscany in 1985 and lives in Milan, where he works in the publishing industry. He has curated several exhibitions and published various contributions dedicated to contemporary Italian poetry. His texts have appeared in major literary journals and blogs. His first collection, <em>Da un uomo a un altro uomo<\/em> (From One Man to Another), was included in the <em>Dodicesimo quaderno italiano<\/em> (Twelfth Italian Notebook; Marcos y Marcos, 2015); in the same year, he won the Premio Cetonaverde Poesia (Youth Section). Following this debut, he published: <em>Pronomi personali<\/em> (Personal Pronouns; Interlinea, 2017), <em>La materia dei giorni<\/em> (The Matter of Days; Manni Editori, 2021). Both volumes received significant critical acclaim and several awards.His most recent collection, <em>Nel dopo<\/em> (In the Aftermath; Guanda, 2025), has been selected for the longlist (the \"dozzina\") of the Premio Strega Poesia and the Premio Giuseppe Dess\u00ec.<\/p>\n[\/vc_column_text][\/vc_column_inner][\/vc_row_inner][vc_row_inner][vc_column_inner width=\"1\/4\"][vc_single_image image=\"13908\" img_size=\"400x400\"][\/vc_column_inner][vc_column_inner width=\"3\/4\"][vc_column_text]\n<p style=\"text-align: justify;\"><strong>Vincenzo Guarracino<\/strong> is a poet, literary and art critic, and translator. Born in Ceraso (Salerno) in 1948, he currently resides in Como. He is the author of several poetry collections, including <em>Dieci inverni<\/em> (Ten Winters, 1989) and <em>L'Angelo e il Tempo e altri poemetti<\/em> (The Angel and Time and Other Short Poems, 2022). His scholarly work includes influential guides to Italian classics, such as <em>Guida alla lettura di Verga<\/em> (1986) and <em>Guida alla lettura di Leopardi<\/em> (1987 and 1998), as well as critical editions of works by both authors. An accomplished translator, he has curated editions of: Catullus<strong>:<\/strong> <em>Carmi<\/em> (1986 and 2005); <em>Greek Lyric Poets<\/em> (1991); <em>Latin Poet<\/em>s (1993); Pythagoras: <em>Golden Verses<\/em> (1988 and 2005); Hildegard of Bingen: <em>Symphonia<\/em> \/ <em>Spiritual Songs<\/em> (1996); Parmenides<em>:<\/em> <em>Poem on Nature<\/em> (2006):<em> Early Christian Latin Poets<\/em> (2017). He has also authored significant monographs, notably <em>Bernardo Malacrida: Theater between Passion and Mission<\/em> (2008) and <em>Antonio Spallino: Man, Administrator, Athlete, Intellectual<\/em> (2013). He is a regular contributor to national newspapers, such as <em>Avvenire<\/em> and <em>L'Osservatore Romano<\/em>, as well as various print and online journals.<\/p>\n[\/vc_column_text][\/vc_column_inner][\/vc_row_inner][vc_row_inner][vc_column_inner width=\"1\/4\"][vc_single_image image=\"13910\" img_size=\"400x400\"][\/vc_column_inner][vc_column_inner width=\"3\/4\"][vc_column_text]\n<p style=\"text-align: justify;\"><strong>Mario Santagostini<\/strong> was born in Milan, where he has lived his entire life. He is a prolific author whose published works include: <em>Uscire di Citt\u00e0<\/em> (Leaving the City; Ghisoni, 1972; Stampa 2009, 2012); <em>Come rosata linea<\/em> (Like a Rosy Line; Societ\u00e0 di poesia, 1981); <em>L\u2019Olimpiade del \u201940<\/em> (The '40 Olympics; Mondadori, 1994); <em>Nuove Poesie<\/em> (New Poems; NEM, 1998); <em>L\u2019idea del bene<\/em> (The Idea of Good; Guanda, 2001); <em>Versi del malanimo<\/em> (Verses of Ill Will; Mondadori, 2007); <em>A.<\/em> (Lietocolle, 2010);<em>Felicit\u00e0 senza soggetto<\/em> (Happiness Without a Subject; Mondadori, 2014); <em>Kafka in Palestina, nel 1931<\/em> (Kafka in Palestine, in 1931; Stampa 2009, 2016); <em>Il libro della lettera arrivata, e mai partita<\/em> (The Book of the Letter that Arrived, and Never Left; Garzanti, 2022); <em>Nome di paese: Ascensione<\/em> (Village Name: Ascension; Fallone, 2024). He is the author of the essay <em>Il Manuale del poeta<\/em> (The Poet\u2019s Manual), published by Oscar Mondadori. An accomplished translator from Latin and German, he has also been a frequent contributor to the literary sections of various national newspapers.<\/p>\n[\/vc_column_text][\/vc_column_inner][\/vc_row_inner][vc_row_inner][vc_column_inner width=\"1\/4\"][vc_single_image image=\"13912\" img_size=\"400x400\"][\/vc_column_inner][vc_column_inner width=\"3\/4\"][vc_column_text]\n<p style=\"text-align: justify;\"><strong>Kamil Sanders<\/strong> Born in Venice in 1998, after obtaining his classical high school diploma, he moved to Milan where he studied painting at the Brera Academy of Fine Arts. In 2023, he published his first essay for Prospero Editore's Calibano series: <em>Tradizione e Trasgressione. Note dall\u2019India per un\u2019arte indipendente<\/em> (Tradition and Transgression. Notes from India for an independent art). In 2024, he won the Europa in Versi Giovani prize, followed in 2025 by his first poetry publication, <em>Sillabario del terribile incanto<\/em> (Syllabary of Terrible Enchantment). He is currently attending a two-year course in Visual Arts and Curatorial Studies at Naba in Milan and works as an independent curator and journalist for art publications.<\/p>\n[\/vc_column_text][\/vc_column_inner][\/vc_row_inner][vc_empty_space][\/vc_column][\/vc_row][vc_row][vc_column][vc_custom_heading text=\"SPECIAL GUESTS FROM THE CULTURAL WORLD\" font_container=\"tag:h1|text_align:left|color:%23ffffff\" google_fonts=\"font_family:Oswald%3A300%2Cregular%2C700|font_style:700%20bold%20regular%3A700%3Anormal\" css=\".vc_custom_1772618139968{padding-left: 30px !important;background-color: #1c8a84 !important;}\"][vc_empty_space][vc_row_inner][vc_column_inner width=\"1\/4\"][vc_single_image image=\"4271\" img_size=\"400x400\"][\/vc_column_inner][vc_column_inner width=\"3\/4\"][vc_column_text]\n<p style=\"text-align: justify;\"><strong>Milo De Angelis<\/strong> lives in Milan. He taught for years in the maximum security prison in Opera. An internationally renowned poet and translator from French and classical languages, he is the author of the poetry books: <em>Somiglianze<\/em> (Guanda, 1976); <em>Millimetri<\/em> (Einaudi, 1983 and Il Saggiatore 2013); <em>Terra del viso <\/em>(Mondadori, 1985); <em>Distante un padre<\/em> (Mondadori, 1989); <em>Biografia sommaria<\/em> (Mondadori, 1999); T<em>ema dell\u2019addio<\/em> (Mondadori, 2005); <em>Quell'andarsene nel buio dei cortili <\/em>(Mondadori, 2010); <em>Incontri e agguati<\/em> (Mondadori, 2015); <em>Linea intera, linea spezzata <\/em>(Mondadori, 2020), Tutte le poesie 1969-2015 (Mondadori); in prose he published La corsa dei mantelli (Guanda 1979 and Marcos y Marcos, 2011) and in 2017 La parola data, a collection of interviews with a DVD by Viviana Nicodemo.<\/p>\n[\/vc_column_text][\/vc_column_inner][\/vc_row_inner][vc_row_inner][vc_column_inner width=\"1\/4\"][vc_single_image image=\"13918\" img_size=\"400x400\"][\/vc_column_inner][vc_column_inner width=\"3\/4\"][vc_column_text]\n<p style=\"text-align: justify;\"><strong>Roberto Galaverni<\/strong> is a literary critic who writes about contemporary literature in magazines and newspapers (Nuovi Argomenti, Alias-il manifesto) and contributes to RadioTre Rai programmes. He is a cultural journalist for the Sunday supplement La Lettura del Corriere della Sera. He has written numerous essays on contemporary poetry. His latest publications are <em>P.P.P. Poesie per Pasolin<\/em>i (Mondadori, 2022) and <em>Carte Correnti <\/em>(Fazi Editore, 2024). He is a member of the jury for the International Poetry Prize Europa in Verse and Prose.<\/p>\n[\/vc_column_text][\/vc_column_inner][\/vc_row_inner][vc_row_inner][vc_column_inner width=\"1\/4\"][vc_single_image image=\"12976\" img_size=\"400x400\"][\/vc_column_inner][vc_column_inner width=\"3\/4\"][vc_column_text]\n<p style=\"text-align: justify;\"><strong>Gianmarco Gaspari <\/strong>He taught Italian Literature at the University of Insubria, where he directed the International Research Centre for Local Histories and Cultural Diversities and the Master's Degree for Intercultural Trainers in Italian Language. He deals with the literary history of the modern age, from the 18th to the 20th century. He is a member of the Committees for the National Edition of Alessandro Manzoni and Pietro Verri. He is a full member of the Lombard Institute Academy of Sciences and Letters and the University of Bergamo, a member of the Ambrosian Academy of Italian Studies and the National Centre for Muratorian Studies. His books include <em>Letteratura delle riforme. Da Beccaria a Manzoni<\/em> (Sellerio, 1990), <em>Il mito della Scuola di Milano. Studi sulla tradizione letteraria lombarda<\/em> (Cesati, 2018), and, with Barbara Pozzo, the edited volume <em>Tradire come nei romanzi. L'adulterio tra diritto e letteratura nell'Ottocento europeo<\/em> (Il Mulino, 2026).<\/p>\n[\/vc_column_text][\/vc_column_inner][\/vc_row_inner][vc_row_inner][vc_column_inner width=\"1\/4\"][vc_single_image image=\"13915\" img_size=\"400x400\"][\/vc_column_inner][vc_column_inner width=\"3\/4\"][vc_column_text]\n<p style=\"text-align: justify;\"><strong>Fabio Taveli<\/strong> is a Sky Sport TV Host and veteran correspondent for the World Cup and Olympics. Beyond the scoreboards, he is a sports storytelling enthusiast who finds beauty in every journey, not just the winning ones. He bridges the gap between epic history and business strategy, using the Odyssey as a masterclass in team dynamics or the Amundsen-Scott Antarctic expedition as a case study in competitive leadership.<\/p>\n[\/vc_column_text][\/vc_column_inner][\/vc_row_inner][vc_empty_space][\/vc_column][\/vc_row][vc_row][vc_column][vc_custom_heading text=\"THE POETS OF FONDO VERRI\" font_container=\"tag:h1|text_align:left|color:%23ffffff\" google_fonts=\"font_family:Oswald%3A300%2Cregular%2C700|font_style:700%20bold%20regular%3A700%3Anormal\" css=\".vc_custom_1772698996905{padding-left: 30px !important;background-color: #1c8a84 !important;}\"][vc_empty_space][vc_row_inner][vc_column_inner][vc_column_text]\n<p style=\"text-align: justify;\">The poets of <strong>Fondo Verri<\/strong> will join us virtually, hosting a reading\u00a0 in Lecce (Via S. Maria del Paradiso 8) on May 10th starting at 6:00 p.m..<\/p>\n<p style=\"text-align: justify;\">The event, titled 'L\u2019AURA DEL GIOCO: POESIE IN CAMPO APERTO' (<em>The Aura of the Game: Poetry in the Open Field<\/em>), features the poets of GioveDilla\u2014the movement of 'Poesia Detta' or Spoken Poetry:<\/p>\n<p style=\"text-align: justify;\">Dario Goffredo<br \/>\nRitanna Attanasi<br \/>\nMario Badino<br \/>\nRita Greco<br \/>\nGianni Minerva<br \/>\nCristina Carl\u00e0<br \/>\nAndrea Siano<br \/>\nFrancesco Aprile<br \/>\nClaudia Di Palma<br \/>\nGionata Atzori<br \/>\nVanni Schiavoni<\/p>\n[\/vc_column_text][\/vc_column_inner][\/vc_row_inner][vc_empty_space][\/vc_column][\/vc_row]\n<\/div>","protected":false},"excerpt":{"rendered":"<p>[vc_row][vc_column][vc_custom_heading text=\"INTERNATIONAL POETRY FESTIVAL EUROPA IN VERSI\" font_container=\"tag:h1|text_align:left|color:%231c8a84\" google_fonts=\"font_family:Oswald%3A300%2Cregular%2C700|font_style:400%20regular%3A400%3Anormal\"][vc_custom_heading text=\"GUESTS OF THE 2026 EDITION\" font_container=\"tag:h1|text_align:left|color:%231c8a84\" google_fonts=\"font_family:Oswald%3A300%2Cregular%2C700|font_style:700%20bold%20regular%3A700%3Anormal\" css=\".vc_custom_1772617845599{margin-bottom: 30px !important;padding-left: 0px !important;}\"][vc_custom_heading text=\"FROM FRANCE\" font_container=\"tag:h1|text_align:left|color:%23ffffff\" google_fonts=\"font_family:Oswald%3A300%2Cregular%2C700|font_style:700%20bold%20regular%3A700%3Anormal\" css=\".vc_custom_1772617832473{padding-left: 30px !important;background-color: #1c8a84 !important;}\"][vc_empty_space][vc_row_inner][vc_column_inner width=\"1\/4\"][vc_single_image image=\"13899\" img_size=\"400x400\"][\/vc_column_inner][vc_column_inner width=\"3\/4\"][vc_column_text] Emmanuelle Malhappe is a passionate researcher on the language side. She began by teaching eighteenth-century literature and what makes a text <a href=\"https:\/\/europainversi.org\/en\/gli-ospiti-partecipanti-2026\/\" class=\"more-link\">...continue reading<span class=\"screen-reader-text\"> \"GLI OSPITI PARTECIPANTI 2026\"<\/span><\/a><\/p>\n","protected":false},"author":8,"featured_media":0,"parent":0,"menu_order":0,"comment_status":"closed","ping_status":"closed","template":"page-templates\/full-width.php","meta":{"footnotes":""},"class_list":["post-13920","page","type-page","status-publish","h-entry","hentry","h-as-page"],"yoast_head":"<!-- This site is optimized with the Yoast SEO plugin v26.5 - https:\/\/yoast.com\/wordpress\/plugins\/seo\/ -->\n<title>GLI OSPITI PARTECIPANTI 2026 - Europa in Versi<\/title>\n<meta name=\"robots\" content=\"index, follow, max-snippet:-1, max-image-preview:large, max-video-preview:-1\" \/>\n<link rel=\"canonical\" href=\"https:\/\/europainversi.org\/en\/gli-ospiti-partecipanti-2026\/\" \/>\n<meta property=\"og:locale\" content=\"en_US\" \/>\n<meta property=\"og:type\" content=\"article\" \/>\n<meta property=\"og:title\" content=\"GLI OSPITI PARTECIPANTI 2026 - Europa in Versi\" \/>\n<meta property=\"og:description\" content=\"[vc_row][vc_column][vc_custom_heading text=&quot;INTERNATIONAL POETRY FESTIVAL EUROPA IN VERSI&quot; font_container=&quot;tag:h1|text_align:left|color:%231c8a84&quot; google_fonts=&quot;font_family:Oswald%3A300%2Cregular%2C700|font_style:400%20regular%3A400%3Anormal&quot;][vc_custom_heading text=&quot;GUESTS OF THE 2026 EDITION&quot; font_container=&quot;tag:h1|text_align:left|color:%231c8a84&quot; google_fonts=&quot;font_family:Oswald%3A300%2Cregular%2C700|font_style:700%20bold%20regular%3A700%3Anormal&quot; css=&quot;.vc_custom_1772617845599{margin-bottom: 30px !important;padding-left: 0px !important;}&quot;][vc_custom_heading text=&quot;FROM FRANCE&quot; font_container=&quot;tag:h1|text_align:left|color:%23ffffff&quot; google_fonts=&quot;font_family:Oswald%3A300%2Cregular%2C700|font_style:700%20bold%20regular%3A700%3Anormal&quot; css=&quot;.vc_custom_1772617832473{padding-left: 30px !important;background-color: #1c8a84 !important;}&quot;][vc_empty_space][vc_row_inner][vc_column_inner width=&quot;1\/4&quot;][vc_single_image image=&quot;13899&quot; img_size=&quot;400x400&quot;][\/vc_column_inner][vc_column_inner width=&quot;3\/4&quot;][vc_column_text] Emmanuelle Malhappe is a passionate researcher on the language side. She began by teaching eighteenth-century literature and what makes a text ...continue reading &quot;GLI OSPITI PARTECIPANTI 2026&quot;\" \/>\n<meta property=\"og:url\" content=\"https:\/\/europainversi.org\/en\/gli-ospiti-partecipanti-2026\/\" \/>\n<meta property=\"og:site_name\" content=\"Europa in Versi\" \/>\n<meta property=\"article:publisher\" content=\"https:\/\/www.facebook.com\/europainversi\" \/>\n<meta property=\"article:modified_time\" content=\"2026-03-05T08:23:14+00:00\" \/>\n<meta name=\"twitter:card\" content=\"summary_large_image\" \/>\n<meta name=\"twitter:site\" content=\"@EuropainVersi\" \/>\n<meta name=\"twitter:label1\" content=\"Est. reading time\" \/>\n\t<meta name=\"twitter:data1\" content=\"13 minutes\" \/>\n<script type=\"application\/ld+json\" class=\"yoast-schema-graph\">{\"@context\":\"https:\/\/schema.org\",\"@graph\":[{\"@type\":\"WebPage\",\"@id\":\"https:\/\/europainversi.org\/en\/gli-ospiti-partecipanti-2026\/\",\"url\":\"https:\/\/europainversi.org\/en\/gli-ospiti-partecipanti-2026\/\",\"name\":\"GLI OSPITI PARTECIPANTI 2026 - Europa in Versi\",\"isPartOf\":{\"@id\":\"https:\/\/europainversi.org\/en\/#website\"},\"datePublished\":\"2026-03-04T09:18:49+00:00\",\"dateModified\":\"2026-03-05T08:23:14+00:00\",\"breadcrumb\":{\"@id\":\"https:\/\/europainversi.org\/en\/gli-ospiti-partecipanti-2026\/#breadcrumb\"},\"inLanguage\":\"en-US\",\"potentialAction\":[{\"@type\":\"ReadAction\",\"target\":[\"https:\/\/europainversi.org\/en\/gli-ospiti-partecipanti-2026\/\"]}]},{\"@type\":\"BreadcrumbList\",\"@id\":\"https:\/\/europainversi.org\/en\/gli-ospiti-partecipanti-2026\/#breadcrumb\",\"itemListElement\":[{\"@type\":\"ListItem\",\"position\":1,\"name\":\"Home\",\"item\":\"https:\/\/europainversi.org\/en\/\"},{\"@type\":\"ListItem\",\"position\":2,\"name\":\"GLI OSPITI PARTECIPANTI 2026\"}]},{\"@type\":\"WebSite\",\"@id\":\"https:\/\/europainversi.org\/en\/#website\",\"url\":\"https:\/\/europainversi.org\/en\/\",\"name\":\"Europa in Versi\",\"description\":\"Festival Internazionale di Poesia de La Casa della Poesia di Como\",\"publisher\":{\"@id\":\"https:\/\/europainversi.org\/en\/#organization\"},\"potentialAction\":[{\"@type\":\"SearchAction\",\"target\":{\"@type\":\"EntryPoint\",\"urlTemplate\":\"https:\/\/europainversi.org\/en\/?s={search_term_string}\"},\"query-input\":{\"@type\":\"PropertyValueSpecification\",\"valueRequired\":true,\"valueName\":\"search_term_string\"}}],\"inLanguage\":\"en-US\"},{\"@type\":\"Organization\",\"@id\":\"https:\/\/europainversi.org\/en\/#organization\",\"name\":\"Europa In Versi\",\"url\":\"https:\/\/europainversi.org\/en\/\",\"logo\":{\"@type\":\"ImageObject\",\"inLanguage\":\"en-US\",\"@id\":\"https:\/\/europainversi.org\/en\/#\/schema\/logo\/image\/\",\"url\":\"https:\/\/europainversi.org\/wp-content\/uploads\/2016\/10\/cropped-EIV_Logo_Elab_Icon.jpg\",\"contentUrl\":\"https:\/\/europainversi.org\/wp-content\/uploads\/2016\/10\/cropped-EIV_Logo_Elab_Icon.jpg\",\"width\":512,\"height\":512,\"caption\":\"Europa In Versi\"},\"image\":{\"@id\":\"https:\/\/europainversi.org\/en\/#\/schema\/logo\/image\/\"},\"sameAs\":[\"https:\/\/www.facebook.com\/europainversi\",\"https:\/\/x.com\/EuropainVersi\"]}]}<\/script>\n<!-- \/ Yoast SEO plugin. -->","yoast_head_json":{"title":"GLI OSPITI PARTECIPANTI 2026 - Europa in Versi","robots":{"index":"index","follow":"follow","max-snippet":"max-snippet:-1","max-image-preview":"max-image-preview:large","max-video-preview":"max-video-preview:-1"},"canonical":"https:\/\/europainversi.org\/en\/gli-ospiti-partecipanti-2026\/","og_locale":"en_US","og_type":"article","og_title":"GLI OSPITI PARTECIPANTI 2026 - Europa in Versi","og_description":"[vc_row][vc_column][vc_custom_heading text=\"INTERNATIONAL POETRY FESTIVAL EUROPA IN VERSI\" font_container=\"tag:h1|text_align:left|color:%231c8a84\" google_fonts=\"font_family:Oswald%3A300%2Cregular%2C700|font_style:400%20regular%3A400%3Anormal\"][vc_custom_heading text=\"GUESTS OF THE 2026 EDITION\" font_container=\"tag:h1|text_align:left|color:%231c8a84\" google_fonts=\"font_family:Oswald%3A300%2Cregular%2C700|font_style:700%20bold%20regular%3A700%3Anormal\" css=\".vc_custom_1772617845599{margin-bottom: 30px !important;padding-left: 0px !important;}\"][vc_custom_heading text=\"FROM FRANCE\" font_container=\"tag:h1|text_align:left|color:%23ffffff\" google_fonts=\"font_family:Oswald%3A300%2Cregular%2C700|font_style:700%20bold%20regular%3A700%3Anormal\" css=\".vc_custom_1772617832473{padding-left: 30px !important;background-color: #1c8a84 !important;}\"][vc_empty_space][vc_row_inner][vc_column_inner width=\"1\/4\"][vc_single_image image=\"13899\" img_size=\"400x400\"][\/vc_column_inner][vc_column_inner width=\"3\/4\"][vc_column_text] Emmanuelle Malhappe is a passionate researcher on the language side. She began by teaching eighteenth-century literature and what makes a text ...continue reading \"GLI OSPITI PARTECIPANTI 2026\"","og_url":"https:\/\/europainversi.org\/en\/gli-ospiti-partecipanti-2026\/","og_site_name":"Europa in Versi","article_publisher":"https:\/\/www.facebook.com\/europainversi","article_modified_time":"2026-03-05T08:23:14+00:00","twitter_card":"summary_large_image","twitter_site":"@EuropainVersi","twitter_misc":{"Est. reading time":"13 minutes"},"schema":{"@context":"https:\/\/schema.org","@graph":[{"@type":"WebPage","@id":"https:\/\/europainversi.org\/en\/gli-ospiti-partecipanti-2026\/","url":"https:\/\/europainversi.org\/en\/gli-ospiti-partecipanti-2026\/","name":"GLI OSPITI PARTECIPANTI 2026 - Europa in Versi","isPartOf":{"@id":"https:\/\/europainversi.org\/en\/#website"},"datePublished":"2026-03-04T09:18:49+00:00","dateModified":"2026-03-05T08:23:14+00:00","breadcrumb":{"@id":"https:\/\/europainversi.org\/en\/gli-ospiti-partecipanti-2026\/#breadcrumb"},"inLanguage":"en-US","potentialAction":[{"@type":"ReadAction","target":["https:\/\/europainversi.org\/en\/gli-ospiti-partecipanti-2026\/"]}]},{"@type":"BreadcrumbList","@id":"https:\/\/europainversi.org\/en\/gli-ospiti-partecipanti-2026\/#breadcrumb","itemListElement":[{"@type":"ListItem","position":1,"name":"Home","item":"https:\/\/europainversi.org\/en\/"},{"@type":"ListItem","position":2,"name":"GLI OSPITI PARTECIPANTI 2026"}]},{"@type":"WebSite","@id":"https:\/\/europainversi.org\/en\/#website","url":"https:\/\/europainversi.org\/en\/","name":"Europa in Versi","description":"Festival Internazionale di Poesia de La Casa della Poesia di Como","publisher":{"@id":"https:\/\/europainversi.org\/en\/#organization"},"potentialAction":[{"@type":"SearchAction","target":{"@type":"EntryPoint","urlTemplate":"https:\/\/europainversi.org\/en\/?s={search_term_string}"},"query-input":{"@type":"PropertyValueSpecification","valueRequired":true,"valueName":"search_term_string"}}],"inLanguage":"en-US"},{"@type":"Organization","@id":"https:\/\/europainversi.org\/en\/#organization","name":"Europa In Versi","url":"https:\/\/europainversi.org\/en\/","logo":{"@type":"ImageObject","inLanguage":"en-US","@id":"https:\/\/europainversi.org\/en\/#\/schema\/logo\/image\/","url":"https:\/\/europainversi.org\/wp-content\/uploads\/2016\/10\/cropped-EIV_Logo_Elab_Icon.jpg","contentUrl":"https:\/\/europainversi.org\/wp-content\/uploads\/2016\/10\/cropped-EIV_Logo_Elab_Icon.jpg","width":512,"height":512,"caption":"Europa In Versi"},"image":{"@id":"https:\/\/europainversi.org\/en\/#\/schema\/logo\/image\/"},"sameAs":["https:\/\/www.facebook.com\/europainversi","https:\/\/x.com\/EuropainVersi"]}]}},"_links":{"self":[{"href":"https:\/\/europainversi.org\/en\/wp-json\/wp\/v2\/pages\/13920","targetHints":{"allow":["GET"]}}],"collection":[{"href":"https:\/\/europainversi.org\/en\/wp-json\/wp\/v2\/pages"}],"about":[{"href":"https:\/\/europainversi.org\/en\/wp-json\/wp\/v2\/types\/page"}],"author":[{"embeddable":true,"href":"https:\/\/europainversi.org\/en\/wp-json\/wp\/v2\/users\/8"}],"replies":[{"embeddable":true,"href":"https:\/\/europainversi.org\/en\/wp-json\/wp\/v2\/comments?post=13920"}],"version-history":[{"count":9,"href":"https:\/\/europainversi.org\/en\/wp-json\/wp\/v2\/pages\/13920\/revisions"}],"predecessor-version":[{"id":14044,"href":"https:\/\/europainversi.org\/en\/wp-json\/wp\/v2\/pages\/13920\/revisions\/14044"}],"wp:attachment":[{"href":"https:\/\/europainversi.org\/en\/wp-json\/wp\/v2\/media?parent=13920"}],"curies":[{"name":"wp","href":"https:\/\/api.w.org\/{rel}","templated":true}]}}